{"id":123,"date":"2021-05-17T17:43:46","date_gmt":"2021-05-17T15:43:46","guid":{"rendered":"http:\/\/layerdrops.com\/polimarkwp\/?page_id=123"},"modified":"2021-09-23T13:35:05","modified_gmt":"2021-09-23T11:35:05","slug":"home-two","status":"publish","type":"page","link":"https:\/\/ariannacensi.it\/elezioni2021\/","title":{"rendered":"Arianna Censi"},"content":{"rendered":"\t\t<div data-elementor-type=\"wp-page\" data-elementor-id=\"123\" class=\"elementor elementor-123\" data-elementor-settings=\"[]\">\n\t\t\t\t\t\t\t<div class=\"elementor-section-wrap\">\n\t\t\t\t\t\t\t<section class=\"elementor-section elementor-top-section elementor-element elementor-element-ae17948 elementor-section-full_width elementor-section-height-default elementor-section-height-default\" data-id=\"ae17948\" data-element_type=\"section\">\n\t\t\t\t\t\t<div class=\"elementor-container elementor-column-gap-no\">\n\t\t\t\t\t<div class=\"elementor-column elementor-col-100 elementor-top-column elementor-element elementor-element-40f5423\" data-id=\"40f5423\" data-element_type=\"column\">\n\t\t\t<div class=\"elementor-widget-wrap elementor-element-populated\">\n\t\t\t\t\t\t\t\t<div class=\"elementor-element elementor-element-cdb404b elementor-widget elementor-widget-polimark-main-slider\" data-id=\"cdb404b\" data-element_type=\"widget\" data-widget_type=\"polimark-main-slider.default\">\n\t\t\t\t<div class=\"elementor-widget-container\">\n\t\t\t\r\n        \r\n        \r\n            <!-- Banner Section -->\r\n\r\n            <section class=\"slider-two\">\r\n                <div class=\"swiper-container thm-swiper__slider\" data-swiper-options='{\"slidesPerView\": 1, \"loop\": true,\r\n    \"effect\": \"fade\",\r\n    \"pagination\": {\r\n        \"el\": \"#main-slider-pagination\",\r\n        \"type\": \"bullets\",\r\n        \"clickable\": true\r\n      },\r\n    \"autoplay\": {\r\n        \"delay\": 5000\r\n    }}'>\r\n                    <div class=\"swiper-wrapper\">\r\n\r\n                                                    <div class=\"swiper-slide\">\r\n                                <div class=\"image-layer\" style=\"background-image: url(https:\/\/ariannacensi.it\/elezioni2021\/wp-content\/uploads\/2021\/09\/arianna-censi-milano-piu\u0300-grande-di-milano.jpg);\"><\/div><!-- \/.image-layer -->\r\n\r\n                                <div class=\"container\">\r\n                                                                            <h3 class=\"slider-two__sub__title\">\r\n                                            Elezioni amministrative 2021                                        <\/h3><!-- \/.slider-two__sub__title -->\r\n                                                                                                                <h3 class=\"slider-two__title\">\r\n                                            Milano <br \/> pi\u00f9 grande di Milano                                        <\/h3><!-- \/.slider-two__title -->\r\n                                                                                                                <a href=\"https:\/\/ariannacensi.it\/elezioni2021\/censi-elezioni-milano-2021\/\" class=\"thm-btn\">\r\n                                            Il Mio Programma                                            <i class=\"fa fa-angle-right\"><\/i>\r\n                                        <\/a><!-- \/.thm-btn -->\r\n                                                                    <\/div><!-- \/.container -->\r\n                            <\/div><!-- \/.swiper-slide -->\r\n                                                    <div class=\"swiper-slide\">\r\n                                <div class=\"image-layer\" style=\"background-image: url(https:\/\/ariannacensi.it\/elezioni2021\/wp-content\/uploads\/2021\/09\/arianna-censi-chi-sono.jpg);\"><\/div><!-- \/.image-layer -->\r\n\r\n                                <div class=\"container\">\r\n                                                                            <h3 class=\"slider-two__sub__title\">\r\n                                            CANDIDATA AL CONSIGLIO COMUNALE                                        <\/h3><!-- \/.slider-two__sub__title -->\r\n                                                                                                                <h3 class=\"slider-two__title\">\r\n                                            ARIANNA<br \/> MARIA CENSI                                        <\/h3><!-- \/.slider-two__title -->\r\n                                                                                                                <a href=\"https:\/\/ariannacensi.it\/elezioni2021\/arianna-censi-milano-2021\/\" class=\"thm-btn\">\r\n                                            CHI SONO                                            <i class=\"fa fa-angle-right\"><\/i>\r\n                                        <\/a><!-- \/.thm-btn -->\r\n                                                                    <\/div><!-- \/.container -->\r\n                            <\/div><!-- \/.swiper-slide -->\r\n                        \r\n                    <\/div><!-- \/.swiper-wrapper -->\r\n\r\n                    <div class=\"swiper-pagination\" id=\"main-slider-pagination\"><\/div>\r\n\r\n                <\/div><!-- \/.swiper-container thm-swiper__slider -->\r\n            <\/section><!-- \/.slider-two -->\r\n\r\n            <!--End Banner Section -->\r\n\r\n        \t\t<\/div>\n\t\t\t\t<\/div>\n\t\t\t\t<div class=\"elementor-element elementor-element-2240cad elementor-widget elementor-widget-text-editor\" data-id=\"2240cad\" data-element_type=\"widget\" data-widget_type=\"text-editor.default\">\n\t\t\t\t<div class=\"elementor-widget-container\">\n\t\t\t\t\t\t\t<h6 style=\"text-align: center;\"><span style=\"color: #ffffff;\">Arianna Censi<\/span><\/h6>\t\t\t\t\t\t<\/div>\n\t\t\t\t<\/div>\n\t\t\t\t<div class=\"elementor-element elementor-element-ab690a3 elementor-widget elementor-widget-text-editor\" data-id=\"ab690a3\" data-element_type=\"widget\" data-widget_type=\"text-editor.default\">\n\t\t\t\t<div class=\"elementor-widget-container\">\n\t\t\t\t\t\t\t<h3><strong>Segui la campagna sui canali social di Arianna Censi<\/strong><\/h3>\t\t\t\t\t\t<\/div>\n\t\t\t\t<\/div>\n\t\t\t\t<div class=\"elementor-element elementor-element-704737c elementor-widget elementor-widget-spacer\" data-id=\"704737c\" data-element_type=\"widget\" data-widget_type=\"spacer.default\">\n\t\t\t\t<div class=\"elementor-widget-container\">\n\t\t\t\t\t<div class=\"elementor-spacer\">\n\t\t\t<div class=\"elementor-spacer-inner\"><\/div>\n\t\t<\/div>\n\t\t\t\t<\/div>\n\t\t\t\t<\/div>\n\t\t\t\t\t<\/div>\n\t\t<\/div>\n\t\t\t\t\t\t\t<\/div>\n\t\t<\/section>\n\t\t\t\t<section class=\"elementor-section elementor-top-section elementor-element elementor-element-d0844df elementor-section-height-min-height elementor-section-boxed elementor-section-height-default elementor-section-items-middle\" data-id=\"d0844df\" data-element_type=\"section\">\n\t\t\t\t\t\t<div class=\"elementor-container elementor-column-gap-default\">\n\t\t\t\t\t<div class=\"elementor-column elementor-col-33 elementor-top-column elementor-element elementor-element-d0d9350\" data-id=\"d0d9350\" data-element_type=\"column\">\n\t\t\t<div class=\"elementor-widget-wrap elementor-element-populated\">\n\t\t\t\t\t\t\t\t<div class=\"elementor-element elementor-element-5b5431f elementor-view-default elementor-widget elementor-widget-icon\" data-id=\"5b5431f\" data-element_type=\"widget\" data-widget_type=\"icon.default\">\n\t\t\t\t<div class=\"elementor-widget-container\">\n\t\t\t\t\t<div class=\"elementor-icon-wrapper\">\n\t\t\t<a class=\"elementor-icon elementor-animation-grow\" href=\"https:\/\/www.instagram.com\/ariannacensi\/\">\n\t\t\t<i aria-hidden=\"true\" class=\"fab fa-instagram\"><\/i>\t\t\t<\/a>\n\t\t<\/div>\n\t\t\t\t<\/div>\n\t\t\t\t<\/div>\n\t\t\t\t<div class=\"elementor-element elementor-element-4d39bba elementor-widget-divider--view-line elementor-widget elementor-widget-divider\" data-id=\"4d39bba\" data-element_type=\"widget\" data-widget_type=\"divider.default\">\n\t\t\t\t<div class=\"elementor-widget-container\">\n\t\t\t\t\t<div class=\"elementor-divider\">\n\t\t\t<span class=\"elementor-divider-separator\">\n\t\t\t\t\t\t<\/span>\n\t\t<\/div>\n\t\t\t\t<\/div>\n\t\t\t\t<\/div>\n\t\t\t\t<div class=\"elementor-element elementor-element-563b677 elementor-widget elementor-widget-text-editor\" data-id=\"563b677\" data-element_type=\"widget\" data-widget_type=\"text-editor.default\">\n\t\t\t\t<div class=\"elementor-widget-container\">\n\t\t\t\t\t\t\t<p><strong>ariannacensi<\/strong><\/p>\t\t\t\t\t\t<\/div>\n\t\t\t\t<\/div>\n\t\t\t\t\t<\/div>\n\t\t<\/div>\n\t\t\t\t<div class=\"elementor-column elementor-col-33 elementor-top-column elementor-element elementor-element-d22fc6d\" data-id=\"d22fc6d\" data-element_type=\"column\">\n\t\t\t<div class=\"elementor-widget-wrap elementor-element-populated\">\n\t\t\t\t\t\t\t\t<div class=\"elementor-element elementor-element-b887a93 elementor-view-default elementor-widget elementor-widget-icon\" data-id=\"b887a93\" data-element_type=\"widget\" data-widget_type=\"icon.default\">\n\t\t\t\t<div class=\"elementor-widget-container\">\n\t\t\t\t\t<div class=\"elementor-icon-wrapper\">\n\t\t\t<a class=\"elementor-icon elementor-animation-grow\" href=\"https:\/\/www.facebook.com\/censiarianna\">\n\t\t\t<i aria-hidden=\"true\" class=\"fab fa-facebook-f\"><\/i>\t\t\t<\/a>\n\t\t<\/div>\n\t\t\t\t<\/div>\n\t\t\t\t<\/div>\n\t\t\t\t<div class=\"elementor-element elementor-element-ff50253 elementor-widget-divider--view-line elementor-widget elementor-widget-divider\" data-id=\"ff50253\" data-element_type=\"widget\" data-widget_type=\"divider.default\">\n\t\t\t\t<div class=\"elementor-widget-container\">\n\t\t\t\t\t<div class=\"elementor-divider\">\n\t\t\t<span class=\"elementor-divider-separator\">\n\t\t\t\t\t\t<\/span>\n\t\t<\/div>\n\t\t\t\t<\/div>\n\t\t\t\t<\/div>\n\t\t\t\t<div class=\"elementor-element elementor-element-109cd70 elementor-widget elementor-widget-text-editor\" data-id=\"109cd70\" data-element_type=\"widget\" data-widget_type=\"text-editor.default\">\n\t\t\t\t<div class=\"elementor-widget-container\">\n\t\t\t\t\t\t\t<p><strong><span style=\"color: #65676b; font-family: system-ui, -apple-system, system-ui,;\">censiarianna<\/span><\/strong><\/p>\t\t\t\t\t\t<\/div>\n\t\t\t\t<\/div>\n\t\t\t\t\t<\/div>\n\t\t<\/div>\n\t\t\t\t<div class=\"elementor-column elementor-col-33 elementor-top-column elementor-element elementor-element-649658e\" data-id=\"649658e\" data-element_type=\"column\">\n\t\t\t<div class=\"elementor-widget-wrap elementor-element-populated\">\n\t\t\t\t\t\t\t\t<div class=\"elementor-element elementor-element-8b69f8d elementor-view-default elementor-widget elementor-widget-icon\" data-id=\"8b69f8d\" data-element_type=\"widget\" data-widget_type=\"icon.default\">\n\t\t\t\t<div class=\"elementor-widget-container\">\n\t\t\t\t\t<div class=\"elementor-icon-wrapper\">\n\t\t\t<a class=\"elementor-icon elementor-animation-grow\" href=\"https:\/\/twitter.com\/AriannaCensi\">\n\t\t\t<i aria-hidden=\"true\" class=\"fab fa-twitter\"><\/i>\t\t\t<\/a>\n\t\t<\/div>\n\t\t\t\t<\/div>\n\t\t\t\t<\/div>\n\t\t\t\t<div class=\"elementor-element elementor-element-4a692d9 elementor-widget-divider--view-line elementor-widget elementor-widget-divider\" data-id=\"4a692d9\" data-element_type=\"widget\" data-widget_type=\"divider.default\">\n\t\t\t\t<div class=\"elementor-widget-container\">\n\t\t\t\t\t<div class=\"elementor-divider\">\n\t\t\t<span class=\"elementor-divider-separator\">\n\t\t\t\t\t\t<\/span>\n\t\t<\/div>\n\t\t\t\t<\/div>\n\t\t\t\t<\/div>\n\t\t\t\t<div class=\"elementor-element elementor-element-3568352 elementor-widget elementor-widget-text-editor\" data-id=\"3568352\" data-element_type=\"widget\" data-widget_type=\"text-editor.default\">\n\t\t\t\t<div class=\"elementor-widget-container\">\n\t\t\t\t\t\t\t<p><b>AriannaCensi<\/b><br><\/p>\t\t\t\t\t\t<\/div>\n\t\t\t\t<\/div>\n\t\t\t\t\t<\/div>\n\t\t<\/div>\n\t\t\t\t\t\t\t<\/div>\n\t\t<\/section>\n\t\t\t\t<section class=\"elementor-section elementor-top-section elementor-element elementor-element-2c256d1 elementor-section-boxed elementor-section-height-default elementor-section-height-default\" data-id=\"2c256d1\" data-element_type=\"section\">\n\t\t\t\t\t\t<div class=\"elementor-container elementor-column-gap-default\">\n\t\t\t\t\t<div class=\"elementor-column elementor-col-100 elementor-top-column elementor-element elementor-element-04d5ac1\" data-id=\"04d5ac1\" data-element_type=\"column\">\n\t\t\t<div class=\"elementor-widget-wrap elementor-element-populated\">\n\t\t\t\t\t\t\t\t<div class=\"elementor-element elementor-element-f721bea elementor-widget elementor-widget-text-editor\" data-id=\"f721bea\" data-element_type=\"widget\" data-widget_type=\"text-editor.default\">\n\t\t\t\t<div class=\"elementor-widget-container\">\n\t\t\t\t\t\t\t<h6 style=\"text-align: center;\"><span style=\"color: #ffffff;\">Arianna Censi<\/span><\/h6>\t\t\t\t\t\t<\/div>\n\t\t\t\t<\/div>\n\t\t\t\t\t<\/div>\n\t\t<\/div>\n\t\t\t\t\t\t\t<\/div>\n\t\t<\/section>\n\t\t\t\t<section class=\"elementor-section elementor-top-section elementor-element elementor-element-7187cf1 elementor-section-full_width elementor-section-height-default elementor-section-height-default\" data-id=\"7187cf1\" data-element_type=\"section\" data-settings=\"{&quot;background_background&quot;:&quot;classic&quot;}\">\n\t\t\t\t\t\t<div class=\"elementor-container elementor-column-gap-no\">\n\t\t\t\t\t<div class=\"elementor-column elementor-col-100 elementor-top-column elementor-element elementor-element-63a0a84\" data-id=\"63a0a84\" data-element_type=\"column\">\n\t\t\t<div class=\"elementor-widget-wrap elementor-element-populated\">\n\t\t\t\t\t\t\t\t<div class=\"elementor-element elementor-element-42488ea elementor-widget elementor-widget-polimark-about\" data-id=\"42488ea\" data-element_type=\"widget\" data-widget_type=\"polimark-about.default\">\n\t\t\t\t<div class=\"elementor-widget-container\">\n\t\t\t        \r\n\r\n                    <section class=\"about-two\">\r\n                <div class=\"container\">\r\n                    <div class=\"row\">\r\n                        <div class=\"col-lg-6\">\r\n                            <div class=\"about-two__image\">\r\n                                <img decoding=\"async\" src=\"https:\/\/ariannacensi.it\/elezioni2021\/wp-content\/uploads\/2021\/09\/Uniti-per-una-Milano-piu\u0300-grande.jpg\" alt=\"Censi Arianna Maria - Elezioni Amministrative MIlano - Domenica 3 e Luned\u00ec 4 Ottobre 2021 - Candidata Consiglio Comunale di Milano - Elezoni Comunali 2021 - Partito Democratico - Beppe Sala Sindaco - Milano pi\u00f9 grande di Milano - Arianna Censi\">\r\n                            <\/div><!-- \/.about-two__image -->\r\n                        <\/div><!-- \/.col-lg-6 -->\r\n                        <div class=\"col-lg-6\">\r\n                            <div class=\"about-two__content\">\r\n                                                                    <div class=\"block-heading text-left\">\r\n                                                                                    <p class=\"block-heading__text\">\r\n                                                MILANO PI\u00d9 GRANDE DI MILANO                                            <\/p><!-- \/.block-heading__text -->\r\n                                                                                                                            <h2 class=\"block-heading__title\">\r\n                                                Uniti per una Milano pi\u00f9 grande                                            <\/h2><!-- \/.block-heading__title -->\r\n                                                                            <\/div><!-- \/.block-heading -->\r\n                                \r\n                                                                    <div class=\"about-two__text\">\r\n                                        <p><strong> <\/strong><\/p>                                    <\/div><!-- \/.about-two__text -->\r\n                                \r\n                                <ul class=\"about-two__icons\">\r\n                                                                            <li class=\"about-two__icons-item\">\r\n                                            <i class=\"polimark-icon-peace\"><\/i>\r\n                                            <div class=\"about-two__icons-content\">\r\n                                                <h3 class=\"about-two__icons-title\">\r\n                                                    Crescita Economica                                                <\/h3><!-- \/.about-two__icons-title -->\r\n                                                <p class=\"about-two__icons-text\">\r\n                                                    Oggi, dopo mesi davvero difficili, abbiamo di fronte una grandissima opportunit\u00e0: un enorme quantit\u00e0 di denaro da utilizzare per rafforzare l'inclusione, la crescita,  le infrastrutture per il trasporto pubblico locale, per i servizi sociali.                                                 <\/p>\r\n                                            <\/div><!-- \/.about-two__icons-content -->\r\n                                        <\/li>\r\n                                                                            <li class=\"about-two__icons-item\">\r\n                                            <i class=\"polimark-icon-civil-right\"><\/i>\r\n                                            <div class=\"about-two__icons-content\">\r\n                                                <h3 class=\"about-two__icons-title\">\r\n                                                    Senza lasciare indietro nessuno                                                <\/h3><!-- \/.about-two__icons-title -->\r\n                                                <p class=\"about-two__icons-text\">\r\n                                                    Nessuno sta bene se tutti non stanno bene. \nSolo con una disponibilit\u00e0 ad ascoltare tutti quanti possiamo pensare a cosa vogliamo per il nostro futuro, in una reciprocit\u00e0 che riconosce il valore collettivo di questa citt\u00e0 e il valore individuale di ciascuno di noi.                                                <\/p>\r\n                                            <\/div><!-- \/.about-two__icons-content -->\r\n                                        <\/li>\r\n                                                                    <\/ul><!-- \/.about-two__icons -->\r\n\r\n                                                                    <a href=\"https:\/\/ariannacensi.it\/elezioni2021\/censi-elezioni-milano-2021\/\" class=\"thm-btn about-two__btn\">\r\n                                        SCOPRI IL PROGRAMMA                                        <i class=\"fa fa-angle-right\"><\/i>\r\n                                    <\/a><!-- \/.thm-btn about-one__btn -->\r\n\r\n                                                            <\/div><!-- \/.about-two__content -->\r\n                        <\/div><!-- \/.col-lg-6 -->\r\n                    <\/div><!-- \/.row -->\r\n\r\n                <\/div><!-- \/.container -->\r\n\r\n            <\/section><!-- \/.about-two -->\r\n\r\n        \r\n        \t\t<\/div>\n\t\t\t\t<\/div>\n\t\t\t\t\t<\/div>\n\t\t<\/div>\n\t\t\t\t\t\t\t<\/div>\n\t\t<\/section>\n\t\t\t\t<section class=\"elementor-section elementor-top-section elementor-element elementor-element-490088b elementor-section-boxed elementor-section-height-default elementor-section-height-default\" data-id=\"490088b\" data-element_type=\"section\">\n\t\t\t\t\t\t<div class=\"elementor-container elementor-column-gap-default\">\n\t\t\t\t\t<div class=\"elementor-column elementor-col-100 elementor-top-column elementor-element elementor-element-df65b24\" data-id=\"df65b24\" data-element_type=\"column\">\n\t\t\t<div class=\"elementor-widget-wrap elementor-element-populated\">\n\t\t\t\t\t\t\t\t<div class=\"elementor-element elementor-element-7a5443e elementor-widget elementor-widget-text-editor\" data-id=\"7a5443e\" data-element_type=\"widget\" data-widget_type=\"text-editor.default\">\n\t\t\t\t<div class=\"elementor-widget-container\">\n\t\t\t\t\t\t\t<h6 style=\"text-align: center;\"><span style=\"color: #ffffff;\">Arianna Censi<\/span><\/h6>\t\t\t\t\t\t<\/div>\n\t\t\t\t<\/div>\n\t\t\t\t\t<\/div>\n\t\t<\/div>\n\t\t\t\t\t\t\t<\/div>\n\t\t<\/section>\n\t\t\t\t<section class=\"elementor-section elementor-top-section elementor-element elementor-element-abd3ab2 elementor-section-boxed elementor-section-height-default elementor-section-height-default\" data-id=\"abd3ab2\" data-element_type=\"section\">\n\t\t\t\t\t\t<div class=\"elementor-container elementor-column-gap-default\">\n\t\t\t\t\t<div class=\"elementor-column elementor-col-100 elementor-top-column elementor-element elementor-element-7845eba\" data-id=\"7845eba\" data-element_type=\"column\">\n\t\t\t<div class=\"elementor-widget-wrap elementor-element-populated\">\n\t\t\t\t\t\t\t\t<div class=\"elementor-element elementor-element-6a4cca9 elementor-widget elementor-widget-polimark-team\" data-id=\"6a4cca9\" data-element_type=\"widget\" data-widget_type=\"polimark-team.default\">\n\t\t\t\t<div class=\"elementor-widget-container\">\n\t\t\t\r\n                \r\n        \r\n            <div class=\"team-two-carousel\">\r\n                <div class=\"container-fluid\">\r\n                                            <div class=\"block-heading text-center\">\r\n                                                            <p class=\"block-heading__text\">\r\n                                    ARIANNA MARIA CENSI                                <\/p><!-- \/.block-heading__text -->\r\n                                                                                        <h2 class=\"block-heading__title\">\r\n                                    Creare la Grande Milano                                 <\/h2><!-- \/.block-heading__title -->\r\n                                                    <\/div><!-- \/.block-heading -->\r\n                                        <div class=\"team-two-carousel__owl owl-carousel owl-theme\">\r\n                        \r\n                            <\/div><!-- \/.team-two-carousel__owl owl-carousel owl-theme -->\r\n                <\/div><!-- \/.container-fluid -->\r\n            <\/div><!-- \/.team-two-carousel -->\r\n\r\n        \t\t<\/div>\n\t\t\t\t<\/div>\n\t\t\t\t\t<\/div>\n\t\t<\/div>\n\t\t\t\t\t\t\t<\/div>\n\t\t<\/section>\n\t\t\t\t<section class=\"elementor-section elementor-top-section elementor-element elementor-element-2ebf474 elementor-section-full_width elementor-section-height-default elementor-section-height-default\" data-id=\"2ebf474\" data-element_type=\"section\">\n\t\t\t\t\t\t<div class=\"elementor-container elementor-column-gap-no\">\n\t\t\t\t\t<div class=\"elementor-column elementor-col-100 elementor-top-column elementor-element elementor-element-ec25e34\" data-id=\"ec25e34\" data-element_type=\"column\">\n\t\t\t<div class=\"elementor-widget-wrap elementor-element-populated\">\n\t\t\t\t\t\t\t\t<div class=\"elementor-element elementor-element-27fe3ba elementor-widget elementor-widget-spacer\" data-id=\"27fe3ba\" data-element_type=\"widget\" data-widget_type=\"spacer.default\">\n\t\t\t\t<div class=\"elementor-widget-container\">\n\t\t\t\t\t<div class=\"elementor-spacer\">\n\t\t\t<div class=\"elementor-spacer-inner\"><\/div>\n\t\t<\/div>\n\t\t\t\t<\/div>\n\t\t\t\t<\/div>\n\t\t\t\t\t<\/div>\n\t\t<\/div>\n\t\t\t\t\t\t\t<\/div>\n\t\t<\/section>\n\t\t\t\t<section class=\"elementor-section elementor-top-section elementor-element elementor-element-918fd1e elementor-section-full_width elementor-section-height-default elementor-section-height-default\" data-id=\"918fd1e\" data-element_type=\"section\">\n\t\t\t\t\t\t<div class=\"elementor-container elementor-column-gap-no\">\n\t\t\t\t\t<div class=\"elementor-column elementor-col-100 elementor-top-column elementor-element elementor-element-3373474\" data-id=\"3373474\" data-element_type=\"column\">\n\t\t\t<div class=\"elementor-widget-wrap elementor-element-populated\">\n\t\t\t\t\t\t\t\t<div class=\"elementor-element elementor-element-87b3e64 elementor-widget elementor-widget-polimark-about\" data-id=\"87b3e64\" data-element_type=\"widget\" data-widget_type=\"polimark-about.default\">\n\t\t\t\t<div class=\"elementor-widget-container\">\n\t\t\t        \r\n\r\n        \r\n        \r\n            <section class=\"about-three\" style=\"background-image: url(https:\/\/ariannacensi.it\/elezioni2021\/wp-content\/uploads\/2021\/09\/creare-la-grande-milano.jpg);\">\r\n                <div class=\"container\">\r\n                    <div class=\"row\">\r\n                        <div class=\"col-lg-6\">\r\n                            <div class=\"about-three__content\">\r\n                                                                    <div class=\"block-heading text-left\">\r\n                                                                                                                            <h2 class=\"block-heading__title\">\r\n                                                                                             <\/h2><!-- \/.block-heading__title -->\r\n                                                                            <\/div><!-- \/.block-heading -->\r\n                                                                <ul class=\"about-three__list\">\r\n                                                                            <li class=\"about-three__list__item\">\r\n                                            <i class=\"fa fa-check\"><\/i>\r\n                                            <div class=\"about-three__list__content\">\r\n                                                <h3 class=\"about-three__list__title\">\r\n                                                    Una virtuosa collaborazione tra Milano e i comuni che compongono la citt\u00e0 metropolitana                                                <\/h3><!-- \/.about-three__list__title -->\r\n                                                <p class=\"about-three__list__text\">\r\n                                                    L\u2019 ambiente, il verde, la qualit\u00e0 dell'aria e dell'acqua ma anche la distribuzione del tessuto economico e produttivo, il flusso quotidiano di lavoratori e lavoratrici, funzioni straordinariamente importanti, come quelle sanitarie, sportive, scolastiche, dell'associazionismo e del terzo settore, il turismo di prossimit\u00e0, non si esauriscono dentro i confini del comune di Milano. Lavoriamo insieme per creare feconde connessioni e relazioni tra la citt\u00e0 e il territorio metropolitano.                                                <\/p><!-- \/.about-three__list__text -->\r\n                                            <\/div><!-- \/.about-three__list__content -->\r\n                                        <\/li><!-- \/.about-three__list__item -->\r\n                                                                    <\/ul><!-- \/.about-three__list -->\r\n                            <\/div><!-- \/.about-three__content -->\r\n                        <\/div><!-- \/.col-lg-6 -->\r\n                        <div class=\"col-lg-6\">\r\n                            <div class=\"about-three__image\">\r\n                                <div class=\"about-three__image__caption\">\r\n                                    MILANO PI\u00d9 GRANDE DI MILANO                                <\/div><!-- \/.about-three__image__caption -->\r\n                                <img decoding=\"async\" src=\"https:\/\/ariannacensi.it\/elezioni2021\/wp-content\/uploads\/2021\/09\/Una-virtuosa-collaborazione-4.jpg\" alt=\"Censi Arianna Maria - Elezioni Amministrative MIlano - Domenica 3 e Luned\u00ec 4 Ottobre 2021 - Candidata Consiglio Comunale di Milano - Elezoni Comunali 2021 - Partito Democratico - Beppe Sala Sindaco - Milano pi\u00f9 grande di Milano - Arianna Censi\">\r\n                            <\/div><!-- \/.about-three__image -->\r\n                        <\/div><!-- \/.col-lg-6 -->\r\n                    <\/div><!-- \/.row -->\r\n                <\/div><!-- \/.container -->\r\n            <\/section><!-- \/.about-three -->\r\n\r\n        \t\t<\/div>\n\t\t\t\t<\/div>\n\t\t\t\t<div class=\"elementor-element elementor-element-45a3944 elementor-widget elementor-widget-spacer\" data-id=\"45a3944\" data-element_type=\"widget\" data-widget_type=\"spacer.default\">\n\t\t\t\t<div class=\"elementor-widget-container\">\n\t\t\t\t\t<div class=\"elementor-spacer\">\n\t\t\t<div class=\"elementor-spacer-inner\"><\/div>\n\t\t<\/div>\n\t\t\t\t<\/div>\n\t\t\t\t<\/div>\n\t\t\t\t<div class=\"elementor-element elementor-element-2da55f2 elementor-widget elementor-widget-polimark-featured\" data-id=\"2da55f2\" data-element_type=\"widget\" data-widget_type=\"polimark-featured.default\">\n\t\t\t\t<div class=\"elementor-widget-container\">\n\t\t\t\r\n        \r\n                    <!--featured Section-->\r\n            <section class=\"featured-two\">\r\n                <div class=\"container\">\r\n                                        <div class=\"row\">\r\n                                                    <div class=\"col-md-12 col-lg-4\">\r\n                                <div class=\"featured-two__card\">\r\n                                    <div class=\"featured-two__card__inner\">\r\n                                        <div class=\"featured-two__card__image\">\r\n                                            <img loading=\"lazy\" decoding=\"async\" width=\"370\" height=\"452\" src=\"https:\/\/ariannacensi.it\/elezioni2021\/wp-content\/uploads\/2021\/08\/creareBenessere.jpg\" class=\"attachment-polimark_370x452 size-polimark_370x452\" alt=\"Censi Arianna Maria - Elezioni Amministrative MIlano - Domenica 3 e Luned\u00ec 4 Ottobre 2021 - Candidata Consiglio Comunale di Milano - Elezoni Comunali 2021 - Partito Democratico - Beppe Sala Sindaco - Milano pi\u00f9 grande di Milano - Arianna Censi - Elezioni Milano 2021\" srcset=\"https:\/\/ariannacensi.it\/elezioni2021\/wp-content\/uploads\/2021\/08\/creareBenessere.jpg 371w, https:\/\/ariannacensi.it\/elezioni2021\/wp-content\/uploads\/2021\/08\/creareBenessere-246x300.jpg 246w\" sizes=\"auto, (max-width: 370px) 100vw, 370px\" \/>                                        <\/div><!-- \/.featured-one__image -->\r\n                                        <div class=\"featured-two__card__content\">\r\n                                            <div class=\"featured-two__card__content__inner\">\r\n                                                                                                    <h2 class=\"featured-two__card__title\">\r\n                                                                                                                    <a href=\"https:\/\/ariannacensi.it\/elezioni2021\/censi-elezioni-milano-2021\/\">Creare Benessere<\/a>\r\n                                                                                                            <\/h2><!-- \/.featured-two__card__title -->\r\n                                                \r\n                                                                                                    <a href=\"https:\/\/ariannacensi.it\/elezioni2021\/censi-elezioni-milano-2021\/\" class=\"featured-two__card__link\"><i class=\"fa fa-angle-right\"><\/i><\/a>\r\n                                                                                            <\/div><!-- \/.featured-two__card__content__inner -->\r\n                                        <\/div><!-- \/.featured-two__content -->\r\n\r\n                                    <\/div><!-- \/.featured-two__card__inner -->\r\n\r\n                                <\/div><!-- \/.featured-two__card -->\r\n\r\n                            <\/div><!-- \/.col-md-12 col-lg-4 -->\r\n                                                    <div class=\"col-md-12 col-lg-4\">\r\n                                <div class=\"featured-two__card\">\r\n                                    <div class=\"featured-two__card__inner\">\r\n                                        <div class=\"featured-two__card__image\">\r\n                                            <img loading=\"lazy\" decoding=\"async\" width=\"370\" height=\"452\" src=\"https:\/\/ariannacensi.it\/elezioni2021\/wp-content\/uploads\/2021\/08\/creareConnessioni.jpg\" class=\"attachment-polimark_370x452 size-polimark_370x452\" alt=\"Censi Arianna Maria - Elezioni Amministrative MIlano - Domenica 3 e Luned\u00ec 4 Ottobre 2021 - Candidata Consiglio Comunale di Milano - Elezoni Comunali 2021 - Partito Democratico - Beppe Sala Sindaco - Milano pi\u00f9 grande di Milano - Arianna Censi - Elezioni Milano 2021\" srcset=\"https:\/\/ariannacensi.it\/elezioni2021\/wp-content\/uploads\/2021\/08\/creareConnessioni.jpg 371w, https:\/\/ariannacensi.it\/elezioni2021\/wp-content\/uploads\/2021\/08\/creareConnessioni-246x300.jpg 246w\" sizes=\"auto, (max-width: 370px) 100vw, 370px\" \/>                                        <\/div><!-- \/.featured-one__image -->\r\n                                        <div class=\"featured-two__card__content\">\r\n                                            <div class=\"featured-two__card__content__inner\">\r\n                                                                                                    <h2 class=\"featured-two__card__title\">\r\n                                                                                                                    <a href=\"https:\/\/ariannacensi.it\/elezioni2021\/censi-elezioni-milano-2021\/\">Creare Connessioni<\/a>\r\n                                                                                                            <\/h2><!-- \/.featured-two__card__title -->\r\n                                                \r\n                                                                                                    <a href=\"https:\/\/ariannacensi.it\/elezioni2021\/censi-elezioni-milano-2021\/\" class=\"featured-two__card__link\"><i class=\"fa fa-angle-right\"><\/i><\/a>\r\n                                                                                            <\/div><!-- \/.featured-two__card__content__inner -->\r\n                                        <\/div><!-- \/.featured-two__content -->\r\n\r\n                                    <\/div><!-- \/.featured-two__card__inner -->\r\n\r\n                                <\/div><!-- \/.featured-two__card -->\r\n\r\n                            <\/div><!-- \/.col-md-12 col-lg-4 -->\r\n                                                    <div class=\"col-md-12 col-lg-4\">\r\n                                <div class=\"featured-two__card\">\r\n                                    <div class=\"featured-two__card__inner\">\r\n                                        <div class=\"featured-two__card__image\">\r\n                                            <img loading=\"lazy\" decoding=\"async\" width=\"370\" height=\"452\" src=\"https:\/\/ariannacensi.it\/elezioni2021\/wp-content\/uploads\/2021\/08\/creareOpportunita.jpg\" class=\"attachment-polimark_370x452 size-polimark_370x452\" alt=\"Censi Arianna Maria - Elezioni Amministrative MIlano - Domenica 3 e Luned\u00ec 4 Ottobre 2021 - Candidata Consiglio Comunale di Milano - Elezoni Comunali 2021 - Partito Democratico - Beppe Sala Sindaco - Milano pi\u00f9 grande di Milano - Arianna Censi - Elezioni Milano 2021\" srcset=\"https:\/\/ariannacensi.it\/elezioni2021\/wp-content\/uploads\/2021\/08\/creareOpportunita.jpg 371w, https:\/\/ariannacensi.it\/elezioni2021\/wp-content\/uploads\/2021\/08\/creareOpportunita-246x300.jpg 246w\" sizes=\"auto, (max-width: 370px) 100vw, 370px\" \/>                                        <\/div><!-- \/.featured-one__image -->\r\n                                        <div class=\"featured-two__card__content\">\r\n                                            <div class=\"featured-two__card__content__inner\">\r\n                                                                                                    <h2 class=\"featured-two__card__title\">\r\n                                                                                                                    <a href=\"https:\/\/ariannacensi.it\/elezioni2021\/censi-elezioni-milano-2021\/\">Creare Opportunit\u00e0<\/a>\r\n                                                                                                            <\/h2><!-- \/.featured-two__card__title -->\r\n                                                \r\n                                                                                                    <a href=\"https:\/\/ariannacensi.it\/elezioni2021\/censi-elezioni-milano-2021\/\" class=\"featured-two__card__link\"><i class=\"fa fa-angle-right\"><\/i><\/a>\r\n                                                                                            <\/div><!-- \/.featured-two__card__content__inner -->\r\n                                        <\/div><!-- \/.featured-two__content -->\r\n\r\n                                    <\/div><!-- \/.featured-two__card__inner -->\r\n\r\n                                <\/div><!-- \/.featured-two__card -->\r\n\r\n                            <\/div><!-- \/.col-md-12 col-lg-4 -->\r\n                                            <\/div><!-- \/.row -->\r\n\r\n                <\/div><!-- \/.container -->\r\n            <\/section><!-- \/.featured-two -->\r\n\r\n        \r\n        \r\n\r\n\t\t<\/div>\n\t\t\t\t<\/div>\n\t\t\t\t\t<\/div>\n\t\t<\/div>\n\t\t\t\t\t\t\t<\/div>\n\t\t<\/section>\n\t\t\t\t<section class=\"elementor-section elementor-top-section elementor-element elementor-element-b1bb1e2 elementor-section-boxed elementor-section-height-default elementor-section-height-default\" data-id=\"b1bb1e2\" data-element_type=\"section\">\n\t\t\t\t\t\t<div class=\"elementor-container elementor-column-gap-default\">\n\t\t\t\t\t<div class=\"elementor-column elementor-col-100 elementor-top-column elementor-element elementor-element-7d13a80\" data-id=\"7d13a80\" data-element_type=\"column\">\n\t\t\t<div class=\"elementor-widget-wrap elementor-element-populated\">\n\t\t\t\t\t\t\t\t<div class=\"elementor-element elementor-element-2ba0d9c elementor-widget elementor-widget-spacer\" data-id=\"2ba0d9c\" data-element_type=\"widget\" data-widget_type=\"spacer.default\">\n\t\t\t\t<div class=\"elementor-widget-container\">\n\t\t\t\t\t<div class=\"elementor-spacer\">\n\t\t\t<div class=\"elementor-spacer-inner\"><\/div>\n\t\t<\/div>\n\t\t\t\t<\/div>\n\t\t\t\t<\/div>\n\t\t\t\t\t<\/div>\n\t\t<\/div>\n\t\t\t\t\t\t\t<\/div>\n\t\t<\/section>\n\t\t\t\t<section class=\"elementor-section elementor-top-section elementor-element elementor-element-f76c9c0 elementor-section-full_width elementor-section-height-default elementor-section-height-default\" data-id=\"f76c9c0\" data-element_type=\"section\">\n\t\t\t\t\t\t<div class=\"elementor-container elementor-column-gap-no\">\n\t\t\t\t\t<div class=\"elementor-column elementor-col-100 elementor-top-column elementor-element elementor-element-4a5b5e4\" data-id=\"4a5b5e4\" data-element_type=\"column\">\n\t\t\t<div class=\"elementor-widget-wrap elementor-element-populated\">\n\t\t\t\t\t\t\t\t<div class=\"elementor-element elementor-element-571d1e1 elementor-widget elementor-widget-polimark-call-to-action\" data-id=\"571d1e1\" data-element_type=\"widget\" data-widget_type=\"polimark-call-to-action.default\">\n\t\t\t\t<div class=\"elementor-widget-container\">\n\t\t\t\r\n                            <section class=\"call-to-action-two\">\r\n                                    <div class=\"inner-container\">\r\n                        <div class=\"call-to-action-two__background-image\" style=\"background-image: url(https:\/\/ariannacensi.it\/elezioni2021\/wp-content\/uploads\/2021\/09\/suggerimentoVoto.jpg);\"><\/div><!-- \/.call-to-action-two__background-image -->\r\n                        <h3 class=\"call-to-action-two__title\">\r\n                            Come si vota                        <\/h3><!-- \/.call-to-action__title -->\r\n                        <div class=\"call-to-action-two__button\">\r\n                            <a class=\"thm-btn\" href=\"https:\/\/ariannacensi.it\/elezioni2021\/elezioni-milano-2021\/\">\r\n                                Scopri di pi\u00f9                                <i class=\"fa fa-angle-right\"><\/i>\r\n                            <\/a>\r\n                        <\/div><!-- \/.call-to-action__button -->\r\n                    <\/div><!-- \/.inner-container -->\r\n                                    <div class=\"inner-container\">\r\n                        <div class=\"call-to-action-two__background-image\" style=\"background-image: url(https:\/\/ariannacensi.it\/elezioni2021\/wp-content\/uploads\/2021\/09\/Vota-Arianna-Censi-Duomo-Milano-.png);\"><\/div><!-- \/.call-to-action-two__background-image -->\r\n                        <h3 class=\"call-to-action-two__title\">\r\n                            Sostieni la campagna                        <\/h3><!-- \/.call-to-action__title -->\r\n                        <div class=\"call-to-action-two__button\">\r\n                            <a class=\"thm-btn\" href=\"https:\/\/ariannacensi.it\/elezioni2021\/donazione-campagna-elettorale-censi\/\">\r\n                                Scopri di pi\u00f9                                <i class=\"fa fa-angle-right\"><\/i>\r\n                            <\/a>\r\n                        <\/div><!-- \/.call-to-action__button -->\r\n                    <\/div><!-- \/.inner-container -->\r\n                            <\/section><!-- \/.call-to-action -->\r\n        \t\t<\/div>\n\t\t\t\t<\/div>\n\t\t\t\t\t<\/div>\n\t\t<\/div>\n\t\t\t\t\t\t\t<\/div>\n\t\t<\/section>\n\t\t\t\t<section class=\"elementor-section elementor-top-section elementor-element elementor-element-c316b29 elementor-section-boxed elementor-section-height-default elementor-section-height-default\" data-id=\"c316b29\" data-element_type=\"section\">\n\t\t\t\t\t\t<div class=\"elementor-container elementor-column-gap-default\">\n\t\t\t\t\t<div class=\"elementor-column elementor-col-100 elementor-top-column elementor-element elementor-element-b8ec48f\" data-id=\"b8ec48f\" data-element_type=\"column\">\n\t\t\t<div class=\"elementor-widget-wrap elementor-element-populated\">\n\t\t\t\t\t\t\t\t<div class=\"elementor-element elementor-element-6d2d602 elementor-widget elementor-widget-spacer\" data-id=\"6d2d602\" data-element_type=\"widget\" data-widget_type=\"spacer.default\">\n\t\t\t\t<div class=\"elementor-widget-container\">\n\t\t\t\t\t<div class=\"elementor-spacer\">\n\t\t\t<div class=\"elementor-spacer-inner\"><\/div>\n\t\t<\/div>\n\t\t\t\t<\/div>\n\t\t\t\t<\/div>\n\t\t\t\t\t<\/div>\n\t\t<\/div>\n\t\t\t\t\t\t\t<\/div>\n\t\t<\/section>\n\t\t\t\t\t\t<\/div>\n\t\t\t\t\t<\/div>\n\t\t","protected":false},"excerpt":{"rendered":"<p>Elezioni amministrative 2021 Milano pi\u00f9 grande di Milano Il Mio Programma CANDIDATA AL CONSIGLIO COMUNALE ARIANNA MARIA CENSI CHI SONO Arianna Censi Segui la campagna sui canali social di Arianna Censi ariannacensi censiarianna AriannaCensi Arianna Censi MILANO PI\u00d9 GRANDE DI MILANO Uniti per una Milano pi\u00f9 grande Crescita Economica Oggi, dopo mesi davvero difficili, abbiamo [&hellip;]<\/p>\n","protected":false},"author":1,"featured_media":1258,"parent":0,"menu_order":0,"comment_status":"closed","ping_status":"closed","template":"elementor_header_footer","meta":{"footnotes":""},"class_list":["post-123","page","type-page","status-publish","has-post-thumbnail","hentry"],"yoast_head":"<!-- This site is optimized with the Yoast SEO plugin v17.1 - https:\/\/yoast.com\/wordpress\/plugins\/seo\/ -->\n<title>Arianna Censi | Candidata Consiglio Comunale Milano | 3\/4 Ottobre 2021<\/title>\n<meta name=\"description\" content=\"Arianna Censi | Sulla scheda blu traccia una croce sul simbolo del Partito Democratico e scrivi Censi | Elezioni 3\/4 Ottobre 2021 | Milano\" \/>\n<meta name=\"robots\" content=\"noindex, follow, max-snippet:-1, max-image-preview:large, max-video-preview:-1\" \/>\n<meta property=\"og:locale\" content=\"it_IT\" \/>\n<meta property=\"og:type\" content=\"article\" \/>\n<meta property=\"og:title\" content=\"Arianna Censi | Candidata Consiglio Comunale Milano | Elezioni 3\/4 Ottobre 2021\" \/>\n<meta property=\"og:description\" content=\"Arianna Censi | Sulla scheda blu traccia una croce sul simbolo del Partito Democratico e scrivi Censi | Elezioni 3\/4 Ottobre 2021 | Milano\" \/>\n<meta property=\"og:url\" content=\"https:\/\/ariannacensi.it\/elezioni2021\/\" \/>\n<meta property=\"og:site_name\" content=\"Arianna Censi\" \/>\n<meta property=\"article:modified_time\" content=\"2021-09-23T11:35:05+00:00\" \/>\n<meta property=\"og:image\" content=\"https:\/\/ariannacensi.it\/elezioni2021\/wp-content\/uploads\/2021\/09\/Una-virtuosa-collaborazione-4.jpg\" \/>\n\t<meta property=\"og:image:width\" content=\"932\" \/>\n\t<meta property=\"og:image:height\" content=\"523\" \/>\n<meta name=\"twitter:card\" content=\"summary_large_image\" \/>\n<meta name=\"twitter:title\" content=\"Arianna Censi | Candidata Consiglio Comunale Milano | Elezioni 3\/4 Ottobre 2021\" \/>\n<meta name=\"twitter:description\" content=\"Arianna Censi | Sulla scheda blu traccia una croce sul simbolo del Partito Democratico e scrivi Censi | Elezioni 3\/4 Ottobre 2021 | Milano\" \/>\n<meta name=\"twitter:image\" content=\"https:\/\/ariannacensi.it\/elezioni2021\/wp-content\/uploads\/2021\/09\/Una-virtuosa-collaborazione-4.jpg\" \/>\n<meta name=\"twitter:label1\" content=\"Tempo di lettura stimato\" \/>\n\t<meta name=\"twitter:data1\" content=\"3 minuti\" \/>\n<script type=\"application\/ld+json\" class=\"yoast-schema-graph\">{\"@context\":\"https:\/\/schema.org\",\"@graph\":[{\"@type\":\"WebSite\",\"@id\":\"https:\/\/ariannacensi.it\/elezioni2021\/#website\",\"url\":\"https:\/\/ariannacensi.it\/elezioni2021\/\",\"name\":\"Arianna Censi\",\"description\":\"Candidata Consiglio Comunale Milano - Elezioni Ottobre 2021\",\"potentialAction\":[{\"@type\":\"SearchAction\",\"target\":{\"@type\":\"EntryPoint\",\"urlTemplate\":\"https:\/\/ariannacensi.it\/elezioni2021\/?s={search_term_string}\"},\"query-input\":\"required name=search_term_string\"}],\"inLanguage\":\"it-IT\"},{\"@type\":\"ImageObject\",\"@id\":\"https:\/\/ariannacensi.it\/elezioni2021\/#primaryimage\",\"inLanguage\":\"it-IT\",\"url\":\"https:\/\/ariannacensi.it\/elezioni2021\/wp-content\/uploads\/2021\/09\/Una-virtuosa-collaborazione-4.jpg\",\"contentUrl\":\"https:\/\/ariannacensi.it\/elezioni2021\/wp-content\/uploads\/2021\/09\/Una-virtuosa-collaborazione-4.jpg\",\"width\":932,\"height\":523,\"caption\":\"Censi Arianna Maria - Elezioni Amministrative MIlano - Domenica 3 e Luned\\u00ec 4 Ottobre 2021 - Candidata Consiglio Comunale di Milano - Elezoni Comunali 2021 - Partito Democratico - Beppe Sala Sindaco - Milano pi\\u00f9 grande di Milano - Arianna Censi\"},{\"@type\":\"WebPage\",\"@id\":\"https:\/\/ariannacensi.it\/elezioni2021\/#webpage\",\"url\":\"https:\/\/ariannacensi.it\/elezioni2021\/\",\"name\":\"Arianna Censi | Candidata Consiglio Comunale Milano | 3\/4 Ottobre 2021\",\"isPartOf\":{\"@id\":\"https:\/\/ariannacensi.it\/elezioni2021\/#website\"},\"primaryImageOfPage\":{\"@id\":\"https:\/\/ariannacensi.it\/elezioni2021\/#primaryimage\"},\"datePublished\":\"2021-05-17T15:43:46+00:00\",\"dateModified\":\"2021-09-23T11:35:05+00:00\",\"description\":\"Arianna Censi | Sulla scheda blu traccia una croce sul simbolo del Partito Democratico e scrivi Censi | Elezioni 3\/4 Ottobre 2021 | Milano\",\"breadcrumb\":{\"@id\":\"https:\/\/ariannacensi.it\/elezioni2021\/#breadcrumb\"},\"inLanguage\":\"it-IT\",\"potentialAction\":[{\"@type\":\"ReadAction\",\"target\":[\"https:\/\/ariannacensi.it\/elezioni2021\/\"]}]},{\"@type\":\"BreadcrumbList\",\"@id\":\"https:\/\/ariannacensi.it\/elezioni2021\/#breadcrumb\",\"itemListElement\":[{\"@type\":\"ListItem\",\"position\":1,\"name\":\"Home\",\"item\":\"https:\/\/ariannacensi.it\/elezioni2021\/\"},{\"@type\":\"ListItem\",\"position\":2,\"name\":\"Arianna Censi\"}]}]}<\/script>\n<!-- \/ Yoast SEO plugin. -->","yoast_head_json":{"title":"Arianna Censi | Candidata Consiglio Comunale Milano | 3\/4 Ottobre 2021","description":"Arianna Censi | Sulla scheda blu traccia una croce sul simbolo del Partito Democratico e scrivi Censi | Elezioni 3\/4 Ottobre 2021 | Milano","robots":{"index":"noindex","follow":"follow","max-snippet":"max-snippet:-1","max-image-preview":"max-image-preview:large","max-video-preview":"max-video-preview:-1"},"og_locale":"it_IT","og_type":"article","og_title":"Arianna Censi | Candidata Consiglio Comunale Milano | Elezioni 3\/4 Ottobre 2021","og_description":"Arianna Censi | Sulla scheda blu traccia una croce sul simbolo del Partito Democratico e scrivi Censi | Elezioni 3\/4 Ottobre 2021 | Milano","og_url":"https:\/\/ariannacensi.it\/elezioni2021\/","og_site_name":"Arianna Censi","article_modified_time":"2021-09-23T11:35:05+00:00","og_image":[{"width":932,"height":523,"url":"https:\/\/ariannacensi.it\/elezioni2021\/wp-content\/uploads\/2021\/09\/Una-virtuosa-collaborazione-4.jpg","path":"\/home\/ariannac\/public_html\/elezioni2021\/wp-content\/uploads\/2021\/09\/Una-virtuosa-collaborazione-4.jpg","size":"full","id":"1258","alt":"Censi Arianna Maria - Elezioni Amministrative MIlano - Domenica 3 e Luned\u00ec 4 Ottobre 2021 - Candidata Consiglio Comunale di Milano - Elezoni Comunali 2021 - Partito Democratico - Beppe Sala Sindaco - Milano pi\u00f9 grande di Milano - Arianna Censi","pixels":487436,"type":"image\/jpeg"}],"twitter_card":"summary_large_image","twitter_title":"Arianna Censi | Candidata Consiglio Comunale Milano | Elezioni 3\/4 Ottobre 2021","twitter_description":"Arianna Censi | Sulla scheda blu traccia una croce sul simbolo del Partito Democratico e scrivi Censi | Elezioni 3\/4 Ottobre 2021 | Milano","twitter_image":"https:\/\/ariannacensi.it\/elezioni2021\/wp-content\/uploads\/2021\/09\/Una-virtuosa-collaborazione-4.jpg","twitter_misc":{"Tempo di lettura stimato":"3 minuti"},"schema":{"@context":"https:\/\/schema.org","@graph":[{"@type":"WebSite","@id":"https:\/\/ariannacensi.it\/elezioni2021\/#website","url":"https:\/\/ariannacensi.it\/elezioni2021\/","name":"Arianna Censi","description":"Candidata Consiglio Comunale Milano - Elezioni Ottobre 2021","potentialAction":[{"@type":"SearchAction","target":{"@type":"EntryPoint","urlTemplate":"https:\/\/ariannacensi.it\/elezioni2021\/?s={search_term_string}"},"query-input":"required name=search_term_string"}],"inLanguage":"it-IT"},{"@type":"ImageObject","@id":"https:\/\/ariannacensi.it\/elezioni2021\/#primaryimage","inLanguage":"it-IT","url":"https:\/\/ariannacensi.it\/elezioni2021\/wp-content\/uploads\/2021\/09\/Una-virtuosa-collaborazione-4.jpg","contentUrl":"https:\/\/ariannacensi.it\/elezioni2021\/wp-content\/uploads\/2021\/09\/Una-virtuosa-collaborazione-4.jpg","width":932,"height":523,"caption":"Censi Arianna Maria - Elezioni Amministrative MIlano - Domenica 3 e Luned\u00ec 4 Ottobre 2021 - Candidata Consiglio Comunale di Milano - Elezoni Comunali 2021 - Partito Democratico - Beppe Sala Sindaco - Milano pi\u00f9 grande di Milano - Arianna Censi"},{"@type":"WebPage","@id":"https:\/\/ariannacensi.it\/elezioni2021\/#webpage","url":"https:\/\/ariannacensi.it\/elezioni2021\/","name":"Arianna Censi | Candidata Consiglio Comunale Milano | 3\/4 Ottobre 2021","isPartOf":{"@id":"https:\/\/ariannacensi.it\/elezioni2021\/#website"},"primaryImageOfPage":{"@id":"https:\/\/ariannacensi.it\/elezioni2021\/#primaryimage"},"datePublished":"2021-05-17T15:43:46+00:00","dateModified":"2021-09-23T11:35:05+00:00","description":"Arianna Censi | Sulla scheda blu traccia una croce sul simbolo del Partito Democratico e scrivi Censi | Elezioni 3\/4 Ottobre 2021 | Milano","breadcrumb":{"@id":"https:\/\/ariannacensi.it\/elezioni2021\/#breadcrumb"},"inLanguage":"it-IT","potentialAction":[{"@type":"ReadAction","target":["https:\/\/ariannacensi.it\/elezioni2021\/"]}]},{"@type":"BreadcrumbList","@id":"https:\/\/ariannacensi.it\/elezioni2021\/#breadcrumb","itemListElement":[{"@type":"ListItem","position":1,"name":"Home","item":"https:\/\/ariannacensi.it\/elezioni2021\/"},{"@type":"ListItem","position":2,"name":"Arianna Censi"}]}]}},"_links":{"self":[{"href":"https:\/\/ariannacensi.it\/elezioni2021\/wp-json\/wp\/v2\/pages\/123","targetHints":{"allow":["GET"]}}],"collection":[{"href":"https:\/\/ariannacensi.it\/elezioni2021\/wp-json\/wp\/v2\/pages"}],"about":[{"href":"https:\/\/ariannacensi.it\/elezioni2021\/wp-json\/wp\/v2\/types\/page"}],"author":[{"embeddable":true,"href":"https:\/\/ariannacensi.it\/elezioni2021\/wp-json\/wp\/v2\/users\/1"}],"replies":[{"embeddable":true,"href":"https:\/\/ariannacensi.it\/elezioni2021\/wp-json\/wp\/v2\/comments?post=123"}],"version-history":[{"count":173,"href":"https:\/\/ariannacensi.it\/elezioni2021\/wp-json\/wp\/v2\/pages\/123\/revisions"}],"predecessor-version":[{"id":1455,"href":"https:\/\/ariannacensi.it\/elezioni2021\/wp-json\/wp\/v2\/pages\/123\/revisions\/1455"}],"wp:featuredmedia":[{"embeddable":true,"href":"https:\/\/ariannacensi.it\/elezioni2021\/wp-json\/wp\/v2\/media\/1258"}],"wp:attachment":[{"href":"https:\/\/ariannacensi.it\/elezioni2021\/wp-json\/wp\/v2\/media?parent=123"}],"curies":[{"name":"wp","href":"https:\/\/api.w.org\/{rel}","templated":true}]}}