{"id":570,"date":"2021-05-20T15:04:08","date_gmt":"2021-05-20T13:04:08","guid":{"rendered":"http:\/\/layerdrops.com\/polimarkwp\/?page_id=570"},"modified":"2021-09-23T14:32:24","modified_gmt":"2021-09-23T12:32:24","slug":"elezioni-milano-2021","status":"publish","type":"page","link":"https:\/\/ariannacensi.it\/elezioni2021\/elezioni-milano-2021\/","title":{"rendered":"Come si vota"},"content":{"rendered":"\t\t<div data-elementor-type=\"wp-page\" data-elementor-id=\"570\" class=\"elementor elementor-570\" data-elementor-settings=\"[]\">\n\t\t\t\t\t\t\t<div class=\"elementor-section-wrap\">\n\t\t\t\t\t\t\t<section class=\"elementor-section elementor-top-section elementor-element elementor-element-4c51bef elementor-section-boxed elementor-section-height-default elementor-section-height-default\" data-id=\"4c51bef\" data-element_type=\"section\">\n\t\t\t\t\t\t<div class=\"elementor-container elementor-column-gap-default\">\n\t\t\t\t\t<div class=\"elementor-column elementor-col-100 elementor-top-column elementor-element elementor-element-322bca8\" data-id=\"322bca8\" data-element_type=\"column\">\n\t\t\t<div class=\"elementor-widget-wrap elementor-element-populated\">\n\t\t\t\t\t\t\t\t<div class=\"elementor-element elementor-element-3ef58c8 elementor-widget elementor-widget-spacer\" data-id=\"3ef58c8\" data-element_type=\"widget\" data-widget_type=\"spacer.default\">\n\t\t\t\t<div class=\"elementor-widget-container\">\n\t\t\t\t\t<div class=\"elementor-spacer\">\n\t\t\t<div class=\"elementor-spacer-inner\"><\/div>\n\t\t<\/div>\n\t\t\t\t<\/div>\n\t\t\t\t<\/div>\n\t\t\t\t\t<\/div>\n\t\t<\/div>\n\t\t\t\t\t\t\t<\/div>\n\t\t<\/section>\n\t\t\t\t<section class=\"elementor-section elementor-top-section elementor-element elementor-element-b296f6c elementor-section-boxed elementor-section-height-default elementor-section-height-default\" data-id=\"b296f6c\" data-element_type=\"section\">\n\t\t\t\t\t\t<div class=\"elementor-container elementor-column-gap-default\">\n\t\t\t\t\t<div class=\"elementor-column elementor-col-100 elementor-top-column elementor-element elementor-element-ff222ab\" data-id=\"ff222ab\" data-element_type=\"column\">\n\t\t\t<div class=\"elementor-widget-wrap elementor-element-populated\">\n\t\t\t\t\t\t\t\t<div class=\"elementor-element elementor-element-6b756761 elementor-widget elementor-widget-heading\" data-id=\"6b756761\" data-element_type=\"widget\" data-widget_type=\"heading.default\">\n\t\t\t\t<div class=\"elementor-widget-container\">\n\t\t\t<h2 class=\"elementor-heading-title elementor-size-default\">Come si vota<\/h2>\t\t<\/div>\n\t\t\t\t<\/div>\n\t\t\t\t<div class=\"elementor-element elementor-element-27ef476a elementor-widget elementor-widget-text-editor\" data-id=\"27ef476a\" data-element_type=\"widget\" data-widget_type=\"text-editor.default\">\n\t\t\t\t<div class=\"elementor-widget-container\">\n\t\t\t\t\t\t\t<h2>Sulla scheda blu traccia una croce sul simbolo del <strong>Partito Democratico<\/strong> e scrivi <strong>Censi<\/strong>. in questo modo voterai anche per <strong>Beppe Sala Sindaco<\/strong>.<\/h2>\t\t\t\t\t\t<\/div>\n\t\t\t\t<\/div>\n\t\t\t\t<div class=\"elementor-element elementor-element-2cb653e elementor-widget elementor-widget-text-editor\" data-id=\"2cb653e\" data-element_type=\"widget\" data-widget_type=\"text-editor.default\">\n\t\t\t\t<div class=\"elementor-widget-container\">\n\t\t\t\t\t\t\t<h4>Si possono esprimere due preferenze (una donna e un uomo) della <strong>stessa lista<\/strong>.<\/h4>\t\t\t\t\t\t<\/div>\n\t\t\t\t<\/div>\n\t\t\t\t\t<\/div>\n\t\t<\/div>\n\t\t\t\t\t\t\t<\/div>\n\t\t<\/section>\n\t\t\t\t<section class=\"elementor-section elementor-top-section elementor-element elementor-element-746f32e elementor-section-boxed elementor-section-height-default elementor-section-height-default\" data-id=\"746f32e\" data-element_type=\"section\">\n\t\t\t\t\t\t<div class=\"elementor-container elementor-column-gap-default\">\n\t\t\t\t\t<div class=\"elementor-column elementor-col-100 elementor-top-column elementor-element elementor-element-2c51063\" data-id=\"2c51063\" data-element_type=\"column\">\n\t\t\t<div class=\"elementor-widget-wrap elementor-element-populated\">\n\t\t\t\t\t\t\t\t<div class=\"elementor-element elementor-element-86441fb elementor-widget elementor-widget-image\" data-id=\"86441fb\" data-element_type=\"widget\" data-widget_type=\"image.default\">\n\t\t\t\t<div class=\"elementor-widget-container\">\n\t\t\t\t\t\t\t\t\t\t\t\t\t\t\t<img loading=\"lazy\" decoding=\"async\" width=\"1920\" height=\"978\" src=\"https:\/\/ariannacensi.it\/elezioni2021\/wp-content\/uploads\/2021\/09\/Arianna-censi-come-votare-2.jpg\" class=\"attachment-full size-full\" alt=\"Censi Arianna Maria - Elezioni Amministrative MIlano - Domenica 3 e Luned\u00ec 4 Ottobre 2021 - Candidata Consiglio Comunale di Milano - Elezoni Comunali 2021 - Partito Democratico - Beppe Sala Sindaco - Milano pi\u00f9 grande di Milano\" \/>\t\t\t\t\t\t\t\t\t\t\t\t\t\t\t<\/div>\n\t\t\t\t<\/div>\n\t\t\t\t\t<\/div>\n\t\t<\/div>\n\t\t\t\t\t\t\t<\/div>\n\t\t<\/section>\n\t\t\t\t<section class=\"elementor-section elementor-top-section elementor-element elementor-element-086f2c4 elementor-section-boxed elementor-section-height-default elementor-section-height-default\" data-id=\"086f2c4\" data-element_type=\"section\">\n\t\t\t\t\t\t<div class=\"elementor-container elementor-column-gap-default\">\n\t\t\t\t\t<div class=\"elementor-column elementor-col-100 elementor-top-column elementor-element elementor-element-9dec6ef\" data-id=\"9dec6ef\" data-element_type=\"column\">\n\t\t\t<div class=\"elementor-widget-wrap elementor-element-populated\">\n\t\t\t\t\t\t\t\t<div class=\"elementor-element elementor-element-812de2f elementor-widget elementor-widget-heading\" data-id=\"812de2f\" data-element_type=\"widget\" data-widget_type=\"heading.default\">\n\t\t\t\t<div class=\"elementor-widget-container\">\n\t\t\t<h2 class=\"elementor-heading-title elementor-size-default\">Quando si vota<\/h2>\t\t<\/div>\n\t\t\t\t<\/div>\n\t\t\t\t\t<\/div>\n\t\t<\/div>\n\t\t\t\t\t\t\t<\/div>\n\t\t<\/section>\n\t\t\t\t<section class=\"elementor-section elementor-top-section elementor-element elementor-element-3b9048a elementor-section-boxed elementor-section-height-default elementor-section-height-default\" data-id=\"3b9048a\" data-element_type=\"section\">\n\t\t\t\t\t\t<div class=\"elementor-container elementor-column-gap-default\">\n\t\t\t\t\t<div class=\"elementor-column elementor-col-100 elementor-top-column elementor-element elementor-element-356713b\" data-id=\"356713b\" data-element_type=\"column\">\n\t\t\t<div class=\"elementor-widget-wrap elementor-element-populated\">\n\t\t\t\t\t\t\t\t<section class=\"elementor-section elementor-inner-section elementor-element elementor-element-fda997b elementor-section-boxed elementor-section-height-default elementor-section-height-default\" data-id=\"fda997b\" data-element_type=\"section\">\n\t\t\t\t\t\t<div class=\"elementor-container elementor-column-gap-no\">\n\t\t\t\t\t<div class=\"elementor-column elementor-col-50 elementor-inner-column elementor-element elementor-element-8ba7761\" data-id=\"8ba7761\" data-element_type=\"column\">\n\t\t\t<div class=\"elementor-widget-wrap elementor-element-populated\">\n\t\t\t\t\t\t\t\t<div class=\"elementor-element elementor-element-5e06305 elementor-icon-list--layout-traditional elementor-list-item-link-full_width elementor-widget elementor-widget-icon-list\" data-id=\"5e06305\" data-element_type=\"widget\" data-widget_type=\"icon-list.default\">\n\t\t\t\t<div class=\"elementor-widget-container\">\n\t\t\t\t\t<ul class=\"elementor-icon-list-items\">\n\t\t\t\t\t\t\t<li class=\"elementor-icon-list-item\">\n\t\t\t\t\t\t\t\t\t\t\t<span class=\"elementor-icon-list-icon\">\n\t\t\t\t\t\t\t<i aria-hidden=\"true\" class=\"far fa-calendar-check\"><\/i>\t\t\t\t\t\t<\/span>\n\t\t\t\t\t\t\t\t\t\t<span class=\"elementor-icon-list-text\"><b>Domenica 3 ottobre 2021 <\/b><\/span>\n\t\t\t\t\t\t\t\t\t<\/li>\n\t\t\t\t\t\t\t\t<li class=\"elementor-icon-list-item\">\n\t\t\t\t\t\t\t\t\t\t\t<span class=\"elementor-icon-list-icon\">\n\t\t\t\t\t\t\t<i aria-hidden=\"true\" class=\"far fa-clock\"><\/i>\t\t\t\t\t\t<\/span>\n\t\t\t\t\t\t\t\t\t\t<span class=\"elementor-icon-list-text\"><span style=\"white-space: normal;\">dalle ore 7.00 alle ore 23.00<\/span><\/span>\n\t\t\t\t\t\t\t\t\t<\/li>\n\t\t\t\t\t\t<\/ul>\n\t\t\t\t<\/div>\n\t\t\t\t<\/div>\n\t\t\t\t\t<\/div>\n\t\t<\/div>\n\t\t\t\t<div class=\"elementor-column elementor-col-50 elementor-inner-column elementor-element elementor-element-61a0a76\" data-id=\"61a0a76\" data-element_type=\"column\">\n\t\t\t<div class=\"elementor-widget-wrap elementor-element-populated\">\n\t\t\t\t\t\t\t\t<div class=\"elementor-element elementor-element-c99541e elementor-icon-list--layout-traditional elementor-list-item-link-full_width elementor-widget elementor-widget-icon-list\" data-id=\"c99541e\" data-element_type=\"widget\" data-widget_type=\"icon-list.default\">\n\t\t\t\t<div class=\"elementor-widget-container\">\n\t\t\t\t\t<ul class=\"elementor-icon-list-items\">\n\t\t\t\t\t\t\t<li class=\"elementor-icon-list-item\">\n\t\t\t\t\t\t\t\t\t\t\t<span class=\"elementor-icon-list-icon\">\n\t\t\t\t\t\t\t<i aria-hidden=\"true\" class=\"far fa-calendar-check\"><\/i>\t\t\t\t\t\t<\/span>\n\t\t\t\t\t\t\t\t\t\t<span class=\"elementor-icon-list-text\"><b><span style=\"white-space: normal;\">Luned\u00ec 4 ottobre 2021<\/span><\/b><\/span>\n\t\t\t\t\t\t\t\t\t<\/li>\n\t\t\t\t\t\t\t\t<li class=\"elementor-icon-list-item\">\n\t\t\t\t\t\t\t\t\t\t\t<span class=\"elementor-icon-list-icon\">\n\t\t\t\t\t\t\t<i aria-hidden=\"true\" class=\"far fa-clock\"><\/i>\t\t\t\t\t\t<\/span>\n\t\t\t\t\t\t\t\t\t\t<span class=\"elementor-icon-list-text\"><span style=\"white-space: normal;\">dalle ore 7.00 alle ore 15.00<\/span><\/span>\n\t\t\t\t\t\t\t\t\t<\/li>\n\t\t\t\t\t\t<\/ul>\n\t\t\t\t<\/div>\n\t\t\t\t<\/div>\n\t\t\t\t\t<\/div>\n\t\t<\/div>\n\t\t\t\t\t\t\t<\/div>\n\t\t<\/section>\n\t\t\t\t\t<\/div>\n\t\t<\/div>\n\t\t\t\t\t\t\t<\/div>\n\t\t<\/section>\n\t\t\t\t<section class=\"elementor-section elementor-top-section elementor-element elementor-element-29fe93c elementor-section-boxed elementor-section-height-default elementor-section-height-default\" data-id=\"29fe93c\" data-element_type=\"section\">\n\t\t\t\t\t\t<div class=\"elementor-container elementor-column-gap-default\">\n\t\t\t\t\t<div class=\"elementor-column elementor-col-100 elementor-top-column elementor-element elementor-element-cc8a1d9\" data-id=\"cc8a1d9\" data-element_type=\"column\">\n\t\t\t<div class=\"elementor-widget-wrap elementor-element-populated\">\n\t\t\t\t\t\t\t\t<div class=\"elementor-element elementor-element-2f00e73 elementor-widget elementor-widget-heading\" data-id=\"2f00e73\" data-element_type=\"widget\" data-widget_type=\"heading.default\">\n\t\t\t\t<div class=\"elementor-widget-container\">\n\t\t\t<h2 class=\"elementor-heading-title elementor-size-default\">Dove si vota<\/h2>\t\t<\/div>\n\t\t\t\t<\/div>\n\t\t\t\t<div class=\"elementor-element elementor-element-6c49995 elementor-widget elementor-widget-text-editor\" data-id=\"6c49995\" data-element_type=\"widget\" data-widget_type=\"text-editor.default\">\n\t\t\t\t<div class=\"elementor-widget-container\">\n\t\t\t\t\t\t\t<p>Per sapere dove votare consulta la pagina dedicata sul sito del Comune di Milano: inserisci il numero della tessera elettorale oppure l&#8217;indirizzo di residenza.<\/p>\t\t\t\t\t\t<\/div>\n\t\t\t\t<\/div>\n\t\t\t\t<div class=\"elementor-element elementor-element-0df1e5c elementor-align-center elementor-widget elementor-widget-button\" data-id=\"0df1e5c\" data-element_type=\"widget\" data-widget_type=\"button.default\">\n\t\t\t\t<div class=\"elementor-widget-container\">\n\t\t\t\t\t<div class=\"elementor-button-wrapper\">\n\t\t\t<a href=\"https:\/\/elezioni.comune.milano.it\/dove-voto.html\" class=\"elementor-button-link elementor-button elementor-size-lg\" role=\"button\">\n\t\t\t\t\t\t<span class=\"elementor-button-content-wrapper\">\n\t\t\t\t\t\t<span class=\"elementor-button-text\">ELEZIONI AMMINISTRATIVE 2021 | DOVE VOTO<\/span>\n\t\t<\/span>\n\t\t\t\t\t<\/a>\n\t\t<\/div>\n\t\t\t\t<\/div>\n\t\t\t\t<\/div>\n\t\t\t\t<div class=\"elementor-element elementor-element-d1ea5ec elementor-widget elementor-widget-spacer\" data-id=\"d1ea5ec\" data-element_type=\"widget\" data-widget_type=\"spacer.default\">\n\t\t\t\t<div class=\"elementor-widget-container\">\n\t\t\t\t\t<div class=\"elementor-spacer\">\n\t\t\t<div class=\"elementor-spacer-inner\"><\/div>\n\t\t<\/div>\n\t\t\t\t<\/div>\n\t\t\t\t<\/div>\n\t\t\t\t<div class=\"elementor-element elementor-element-3403519 elementor-widget elementor-widget-heading\" data-id=\"3403519\" data-element_type=\"widget\" data-widget_type=\"heading.default\">\n\t\t\t\t<div class=\"elementor-widget-container\">\n\t\t\t<h2 class=\"elementor-heading-title elementor-size-default\">Cosa bisogna portare<\/h2>\t\t<\/div>\n\t\t\t\t<\/div>\n\t\t\t\t<div class=\"elementor-element elementor-element-bbc48e9 elementor-icon-list--layout-traditional elementor-list-item-link-full_width elementor-widget elementor-widget-icon-list\" data-id=\"bbc48e9\" data-element_type=\"widget\" data-widget_type=\"icon-list.default\">\n\t\t\t\t<div class=\"elementor-widget-container\">\n\t\t\t\t\t<ul class=\"elementor-icon-list-items\">\n\t\t\t\t\t\t\t<li class=\"elementor-icon-list-item\">\n\t\t\t\t\t\t\t\t\t\t\t<span class=\"elementor-icon-list-icon\">\n\t\t\t\t\t\t\t<i aria-hidden=\"true\" class=\"far fa-id-card\"><\/i>\t\t\t\t\t\t<\/span>\n\t\t\t\t\t\t\t\t\t\t<span class=\"elementor-icon-list-text\"><span style=\"white-space: normal;\"><b>Documento di identit\u00e0 valido<\/b><\/span><\/span>\n\t\t\t\t\t\t\t\t\t<\/li>\n\t\t\t\t\t\t<\/ul>\n\t\t\t\t<\/div>\n\t\t\t\t<\/div>\n\t\t\t\t<div class=\"elementor-element elementor-element-84cf23f elementor-widget elementor-widget-text-editor\" data-id=\"84cf23f\" data-element_type=\"widget\" data-widget_type=\"text-editor.default\">\n\t\t\t\t<div class=\"elementor-widget-container\">\n\t\t\t\t\t\t\t<p>L\u2019elettore che si presenta a votare deve essere, innanzitutto, identificato.<br \/>L\u2019identificazione pu\u00f2 avvenire:<\/p><ol><li>mediante presentazione della carta d\u2019identit\u00e0 o di un altro documento di identificazione, rilasciato da una pubblica Amministrazione, purch\u00e8 munito di fotografia. A norma dell\u2019art. 57, secondo comma, del Testo Unico n. 361 del 1957, ai fini dell\u2019identificazione degli elettori, sono validi anche:<br \/>a) le carte di identit\u00e0 e gli altri documenti di identificazione rilasciati dalla pubblica Amministrazione, scaduti, purch\u00e8 risultino, sotto ogni altro aspetto, regolari e purch\u00e9 possano assicurare la precisa identificazione del votante;<br \/>b) le tessere di riconoscimento rilasciate dall\u2019Unione nazionale ufficiali in congedo d\u2019Italia, purch\u00e8 munite di fotografia e convalidate da un Comando militare;<br \/>c) le tessere di riconoscimento rilasciate dagli ordini professionali, purch\u00e8 munite di fotografia.<\/li><li>in mancanza di un idoneo documento di identificazione, l\u2019identificazione pu\u00f2 avvenire per attestazione di uno dei membri dell\u2019Ufficio elettorale di sezione, che conosca personalmente l\u2019elettore, a norma dell\u2019art. 57, terzo comma, del Testo Unico n. 361 del 1957;<\/li><li>in mancanza di un idoneo documento di identificazione, e se nessuno dei membri dell\u2019Ufficio \u00e8 in grado di accertare, sotto la sua responsabilit\u00e0, l\u2019identit\u00e0 dell\u2019elettore, l\u2019identificazione pu\u00f2 avvenire per attestazione di un altro elettore del Comune, \u201cnoto all\u2019Ufficio\u201d, che ne attesti l\u2019identit\u00e0 (art. 57, quarto comma, del Testo Unico n. 361 del 1957).<br \/>\u00c8 da considerarsi \u201cnoto all\u2019Ufficio\u201d l\u2019elettore che sia conosciuto personalmente da almeno uno dei membri dell\u2019Ufficio stesso, o che sia stato ammesso a votare in base ad un regolare documento di identificazione personale, rilasciato da una pubblica Amministrazione.\u00a0<\/li><\/ol>\t\t\t\t\t\t<\/div>\n\t\t\t\t<\/div>\n\t\t\t\t<div class=\"elementor-element elementor-element-84d1301 elementor-icon-list--layout-traditional elementor-list-item-link-full_width elementor-widget elementor-widget-icon-list\" data-id=\"84d1301\" data-element_type=\"widget\" data-widget_type=\"icon-list.default\">\n\t\t\t\t<div class=\"elementor-widget-container\">\n\t\t\t\t\t<ul class=\"elementor-icon-list-items\">\n\t\t\t\t\t\t\t<li class=\"elementor-icon-list-item\">\n\t\t\t\t\t\t\t\t\t\t\t<span class=\"elementor-icon-list-icon\">\n\t\t\t\t\t\t\t<i aria-hidden=\"true\" class=\"fas fa-clipboard-list\"><\/i>\t\t\t\t\t\t<\/span>\n\t\t\t\t\t\t\t\t\t\t<span class=\"elementor-icon-list-text\"><span style=\"white-space: normal;\"><b>Tessera elettorale valida<\/b><\/span><\/span>\n\t\t\t\t\t\t\t\t\t<\/li>\n\t\t\t\t\t\t<\/ul>\n\t\t\t\t<\/div>\n\t\t\t\t<\/div>\n\t\t\t\t<div class=\"elementor-element elementor-element-4ec28e8 elementor-widget elementor-widget-text-editor\" data-id=\"4ec28e8\" data-element_type=\"widget\" data-widget_type=\"text-editor.default\">\n\t\t\t\t<div class=\"elementor-widget-container\">\n\t\t\t\t\t\t\t<p>La tessera elettorale \u00e8 valida fino all\u2019esaurimento degli appositi spazi (diciotto), per la certificazione dell\u2019avvenuta partecipazione alla votazione, che viene effettuata mediante apposizione, da parte di uno scrutatore, della data della elezione e del relativo timbro.<\/p>\t\t\t\t\t\t<\/div>\n\t\t\t\t<\/div>\n\t\t\t\t<div class=\"elementor-element elementor-element-c71ff1e elementor-widget elementor-widget-heading\" data-id=\"c71ff1e\" data-element_type=\"widget\" data-widget_type=\"heading.default\">\n\t\t\t\t<div class=\"elementor-widget-container\">\n\t\t\t<h2 class=\"elementor-heading-title elementor-size-default\">Normativa Anti-Covid\n<\/h2>\t\t<\/div>\n\t\t\t\t<\/div>\n\t\t\t\t<div class=\"elementor-element elementor-element-17ac670 elementor-widget elementor-widget-text-editor\" data-id=\"17ac670\" data-element_type=\"widget\" data-widget_type=\"text-editor.default\">\n\t\t\t\t<div class=\"elementor-widget-container\">\n\t\t\t\t\t\t\t<div class=\"elementor elementor-1202\" data-elementor-type=\"wp-page\" data-elementor-id=\"1202\" data-elementor-settings=\"[]\"><div class=\"elementor-section-wrap\"><section class=\"elementor-section elementor-top-section elementor-element elementor-element-45ab7e3 elementor-section-boxed elementor-section-height-default elementor-section-height-default\" data-id=\"45ab7e3\" data-element_type=\"section\"><div class=\"elementor-container elementor-column-gap-default\"><div class=\"elementor-column elementor-col-100 elementor-top-column elementor-element elementor-element-619962d\" data-id=\"619962d\" data-element_type=\"column\"><div class=\"elementor-widget-wrap elementor-element-populated\"><div class=\"elementor-element elementor-element-6119ff5 elementor-widget elementor-widget-text-editor\" data-id=\"6119ff5\" data-element_type=\"widget\" data-widget_type=\"text-editor.default\"><div class=\"elementor-widget-container\"><p>Con il decreto-legge 17 agosto 2021, n. 117 (pubblicato sulla Gazzetta Ufficiale n\u00b0 201 del 23 agosto 2021) sono state stabilite le disposizioni urgenti sulle modalit\u00e0 operative precauzionali e di sicurezza, per prevenire il rischio d\u2019infezione da Covid-19, da osservare in occasione delle elezioni del 3\/4 ottobre 2021.<br \/>Per accedere ai seggi \u00e8 obbligatorio l\u2019uso della mascherina da parte di tutti gli elettori.<br \/>Gli elettori dovranno igienizzarsi le mani all\u2019ingresso al seggio, prima di ricevere scheda e matita e dopo aver completato le operazioni di voto.<br \/>Si deve mantenere il distanziamento di un metro ed evitare la formazione di assembramenti all\u2019interno del seggio.<br \/>Per evitare o limitare possibili contatti fra elettori e scrutatori, l\u2019elettore sar\u00e0 invitato a inserire lui stesso la scheda elettorale \u2013 dopo averla ripiegata \u2013 nell\u2019urna.<\/p><\/div><\/div><\/div><\/div><\/div><\/section><\/div><\/div>\t\t\t\t\t\t<\/div>\n\t\t\t\t<\/div>\n\t\t\t\t\t<\/div>\n\t\t<\/div>\n\t\t\t\t\t\t\t<\/div>\n\t\t<\/section>\n\t\t\t\t<section class=\"elementor-section elementor-top-section elementor-element elementor-element-e126aa1 elementor-section-boxed elementor-section-height-default elementor-section-height-default\" data-id=\"e126aa1\" data-element_type=\"section\">\n\t\t\t\t\t\t<div class=\"elementor-container elementor-column-gap-default\">\n\t\t\t\t\t<div class=\"elementor-column elementor-col-100 elementor-top-column elementor-element elementor-element-6a12dba\" data-id=\"6a12dba\" data-element_type=\"column\">\n\t\t\t<div class=\"elementor-widget-wrap elementor-element-populated\">\n\t\t\t\t\t\t\t\t<div class=\"elementor-element elementor-element-3fb3716 elementor-widget elementor-widget-spacer\" data-id=\"3fb3716\" data-element_type=\"widget\" data-widget_type=\"spacer.default\">\n\t\t\t\t<div class=\"elementor-widget-container\">\n\t\t\t\t\t<div class=\"elementor-spacer\">\n\t\t\t<div class=\"elementor-spacer-inner\"><\/div>\n\t\t<\/div>\n\t\t\t\t<\/div>\n\t\t\t\t<\/div>\n\t\t\t\t\t<\/div>\n\t\t<\/div>\n\t\t\t\t\t\t\t<\/div>\n\t\t<\/section>\n\t\t\t\t<section class=\"elementor-section elementor-top-section elementor-element elementor-element-52e9549 elementor-section-full_width elementor-section-height-default elementor-section-height-default\" data-id=\"52e9549\" data-element_type=\"section\">\n\t\t\t\t\t\t<div class=\"elementor-container elementor-column-gap-no\">\n\t\t\t\t\t<div class=\"elementor-column elementor-col-100 elementor-top-column elementor-element elementor-element-be8d879\" data-id=\"be8d879\" data-element_type=\"column\">\n\t\t\t<div class=\"elementor-widget-wrap elementor-element-populated\">\n\t\t\t\t\t\t\t\t<div class=\"elementor-element elementor-element-ce8b524 elementor-widget elementor-widget-polimark-call-to-action\" data-id=\"ce8b524\" data-element_type=\"widget\" data-widget_type=\"polimark-call-to-action.default\">\n\t\t\t\t<div class=\"elementor-widget-container\">\n\t\t\t\r\n                    <section class=\"call-to-action\">\r\n                <div class=\"container\">\r\n                    <div class=\"inner-container\">\r\n                        <h3 class=\"call-to-action__title\">\r\n                            Anche un piccolo contributo per me \u00e8 importante                        <\/h3><!-- \/.call-to-action__title -->\r\n                        <div class=\"call-to-action__button\">\r\n                            <a class=\"thm-btn\" href=\"https:\/\/ariannacensi.it\/elezioni2021\/donazione-campagna-elettorale-censi\/\">\r\n                                SOSTIENI LA CAMPAGNA                                <i class=\"fa fa-angle-right\"><\/i>\r\n                            <\/a>\r\n                        <\/div><!-- \/.call-to-action__button -->\r\n                    <\/div><!-- \/.inner-container -->\r\n                <\/div><!-- \/.container -->\r\n            <\/section><!-- \/.call-to-action -->\r\n                \t\t<\/div>\n\t\t\t\t<\/div>\n\t\t\t\t\t<\/div>\n\t\t<\/div>\n\t\t\t\t\t\t\t<\/div>\n\t\t<\/section>\n\t\t\t\t<section class=\"elementor-section elementor-top-section elementor-element elementor-element-1603d01 elementor-section-boxed elementor-section-height-default elementor-section-height-default\" data-id=\"1603d01\" data-element_type=\"section\">\n\t\t\t\t\t\t<div class=\"elementor-container elementor-column-gap-default\">\n\t\t\t\t\t<div class=\"elementor-column elementor-col-100 elementor-top-column elementor-element elementor-element-afea5b3\" data-id=\"afea5b3\" data-element_type=\"column\">\n\t\t\t<div class=\"elementor-widget-wrap elementor-element-populated\">\n\t\t\t\t\t\t\t\t<div class=\"elementor-element elementor-element-b1fde01 elementor-widget elementor-widget-spacer\" data-id=\"b1fde01\" data-element_type=\"widget\" data-widget_type=\"spacer.default\">\n\t\t\t\t<div class=\"elementor-widget-container\">\n\t\t\t\t\t<div class=\"elementor-spacer\">\n\t\t\t<div class=\"elementor-spacer-inner\"><\/div>\n\t\t<\/div>\n\t\t\t\t<\/div>\n\t\t\t\t<\/div>\n\t\t\t\t\t<\/div>\n\t\t<\/div>\n\t\t\t\t\t\t\t<\/div>\n\t\t<\/section>\n\t\t\t\t\t\t<\/div>\n\t\t\t\t\t<\/div>\n\t\t","protected":false},"excerpt":{"rendered":"<p>Come si vota Sulla scheda blu traccia una croce sul simbolo del Partito Democratico e scrivi Censi. in questo modo voterai anche per Beppe Sala Sindaco. Si possono esprimere due preferenze (una donna e un uomo) della stessa lista. Quando si vota Domenica 3 ottobre 2021 dalle ore 7.00 alle ore 23.00 Luned\u00ec 4 ottobre [&hellip;]<\/p>\n","protected":false},"author":1,"featured_media":738,"parent":0,"menu_order":0,"comment_status":"closed","ping_status":"closed","template":"elementor_header_footer","meta":{"footnotes":""},"class_list":["post-570","page","type-page","status-publish","has-post-thumbnail","hentry"],"yoast_head":"<!-- This site is optimized with the Yoast SEO plugin v17.1 - https:\/\/yoast.com\/wordpress\/plugins\/seo\/ -->\n<title>Arianna Censi | Consiglio Comunale | Elezioni MIlano 2021 | Come si vota<\/title>\n<meta name=\"description\" content=\"Arianna Censi | Candidata Consiglio Comunale | Sulla scheda blu traccia una croce sul simbolo del PD e scrivi Censi | Elezioni Milano 2021\" \/>\n<meta name=\"robots\" content=\"noindex, follow, max-snippet:-1, max-image-preview:large, max-video-preview:-1\" \/>\n<meta property=\"og:locale\" content=\"it_IT\" \/>\n<meta property=\"og:type\" content=\"article\" \/>\n<meta property=\"og:title\" content=\"Arianna Censi | Candidata Consiglio Comunale | Elezioni MIlano 2021 | Come si vota\" \/>\n<meta property=\"og:description\" content=\"Arianna Censi | Candidata Consiglio Comunale | Sulla scheda blu traccia una croce sul simbolo del Partito Democratico e scrivi Censi | Elezioni Milano 2021\" \/>\n<meta property=\"og:url\" content=\"https:\/\/ariannacensi.it\/elezioni2021\/elezioni-milano-2021\/\" \/>\n<meta property=\"og:site_name\" content=\"Arianna Censi\" \/>\n<meta property=\"article:modified_time\" content=\"2021-09-23T12:32:24+00:00\" \/>\n<meta property=\"og:image\" content=\"https:\/\/ariannacensi.it\/elezioni2021\/wp-content\/uploads\/2021\/08\/suggerimentoVoto.jpg\" \/>\n\t<meta property=\"og:image:width\" content=\"933\" \/>\n\t<meta property=\"og:image:height\" content=\"523\" \/>\n<meta name=\"twitter:card\" content=\"summary_large_image\" \/>\n<meta name=\"twitter:title\" content=\"Arianna Censi | Candidata Consiglio Comunale | Elezioni MIlano 2021 | Come si vota\" \/>\n<meta name=\"twitter:description\" content=\"Arianna Censi | Candidata Consiglio Comunale | Sulla scheda blu traccia una croce sul simbolo del Partito Democratico e scrivi Censi | Elezioni Milano 2021\" \/>\n<meta name=\"twitter:image\" content=\"https:\/\/ariannacensi.it\/elezioni2021\/wp-content\/uploads\/2021\/08\/suggerimentoVoto.jpg\" \/>\n<meta name=\"twitter:label1\" content=\"Tempo di lettura stimato\" \/>\n\t<meta name=\"twitter:data1\" content=\"3 minuti\" \/>\n<script type=\"application\/ld+json\" class=\"yoast-schema-graph\">{\"@context\":\"https:\/\/schema.org\",\"@graph\":[{\"@type\":\"WebSite\",\"@id\":\"https:\/\/ariannacensi.it\/elezioni2021\/#website\",\"url\":\"https:\/\/ariannacensi.it\/elezioni2021\/\",\"name\":\"Arianna Censi\",\"description\":\"Candidata Consiglio Comunale Milano - Elezioni Ottobre 2021\",\"potentialAction\":[{\"@type\":\"SearchAction\",\"target\":{\"@type\":\"EntryPoint\",\"urlTemplate\":\"https:\/\/ariannacensi.it\/elezioni2021\/?s={search_term_string}\"},\"query-input\":\"required name=search_term_string\"}],\"inLanguage\":\"it-IT\"},{\"@type\":\"ImageObject\",\"@id\":\"https:\/\/ariannacensi.it\/elezioni2021\/elezioni-milano-2021\/#primaryimage\",\"inLanguage\":\"it-IT\",\"url\":\"https:\/\/ariannacensi.it\/elezioni2021\/wp-content\/uploads\/2021\/08\/suggerimentoVoto.jpg\",\"contentUrl\":\"https:\/\/ariannacensi.it\/elezioni2021\/wp-content\/uploads\/2021\/08\/suggerimentoVoto.jpg\",\"width\":933,\"height\":523,\"caption\":\"Censi Arianna Maria - Elezioni Amministrative MIlano - Domenica 3 e Luned\\u00ec 4 Ottobre 2021 - Candidata Consiglio Comunale di Milano - Elezoni Comunali 2021 - Partito Democratico - Beppe Sala Sindaco - Milano pi\\u00f9 grande di Milano - Arianna Censi - Elezioni Milano 2021\"},{\"@type\":\"WebPage\",\"@id\":\"https:\/\/ariannacensi.it\/elezioni2021\/elezioni-milano-2021\/#webpage\",\"url\":\"https:\/\/ariannacensi.it\/elezioni2021\/elezioni-milano-2021\/\",\"name\":\"Arianna Censi | Consiglio Comunale | Elezioni MIlano 2021 | Come si vota\",\"isPartOf\":{\"@id\":\"https:\/\/ariannacensi.it\/elezioni2021\/#website\"},\"primaryImageOfPage\":{\"@id\":\"https:\/\/ariannacensi.it\/elezioni2021\/elezioni-milano-2021\/#primaryimage\"},\"datePublished\":\"2021-05-20T13:04:08+00:00\",\"dateModified\":\"2021-09-23T12:32:24+00:00\",\"description\":\"Arianna Censi | Candidata Consiglio Comunale | Sulla scheda blu traccia una croce sul simbolo del PD e scrivi Censi | Elezioni Milano 2021\",\"breadcrumb\":{\"@id\":\"https:\/\/ariannacensi.it\/elezioni2021\/elezioni-milano-2021\/#breadcrumb\"},\"inLanguage\":\"it-IT\",\"potentialAction\":[{\"@type\":\"ReadAction\",\"target\":[\"https:\/\/ariannacensi.it\/elezioni2021\/elezioni-milano-2021\/\"]}]},{\"@type\":\"BreadcrumbList\",\"@id\":\"https:\/\/ariannacensi.it\/elezioni2021\/elezioni-milano-2021\/#breadcrumb\",\"itemListElement\":[{\"@type\":\"ListItem\",\"position\":1,\"name\":\"Home\",\"item\":\"https:\/\/ariannacensi.it\/elezioni2021\/\"},{\"@type\":\"ListItem\",\"position\":2,\"name\":\"Come si vota\"}]}]}<\/script>\n<!-- \/ Yoast SEO plugin. -->","yoast_head_json":{"title":"Arianna Censi | Consiglio Comunale | Elezioni MIlano 2021 | Come si vota","description":"Arianna Censi | Candidata Consiglio Comunale | Sulla scheda blu traccia una croce sul simbolo del PD e scrivi Censi | Elezioni Milano 2021","robots":{"index":"noindex","follow":"follow","max-snippet":"max-snippet:-1","max-image-preview":"max-image-preview:large","max-video-preview":"max-video-preview:-1"},"og_locale":"it_IT","og_type":"article","og_title":"Arianna Censi | Candidata Consiglio Comunale | Elezioni MIlano 2021 | Come si vota","og_description":"Arianna Censi | Candidata Consiglio Comunale | Sulla scheda blu traccia una croce sul simbolo del Partito Democratico e scrivi Censi | Elezioni Milano 2021","og_url":"https:\/\/ariannacensi.it\/elezioni2021\/elezioni-milano-2021\/","og_site_name":"Arianna Censi","article_modified_time":"2021-09-23T12:32:24+00:00","og_image":[{"width":933,"height":523,"url":"https:\/\/ariannacensi.it\/elezioni2021\/wp-content\/uploads\/2021\/08\/suggerimentoVoto.jpg","path":"\/home\/ariannac\/public_html\/elezioni2021\/wp-content\/uploads\/2021\/08\/suggerimentoVoto.jpg","size":"full","id":"738","alt":"Censi Arianna Maria - Elezioni Amministrative MIlano - Domenica 3 e Luned\u00ec 4 Ottobre 2021 - Candidata Consiglio Comunale di Milano - Elezoni Comunali 2021 - Partito Democratico - Beppe Sala Sindaco - Milano pi\u00f9 grande di Milano - Arianna Censi - Elezioni Milano 2021","pixels":487959,"type":"image\/jpeg"}],"twitter_card":"summary_large_image","twitter_title":"Arianna Censi | Candidata Consiglio Comunale | Elezioni MIlano 2021 | Come si vota","twitter_description":"Arianna Censi | Candidata Consiglio Comunale | Sulla scheda blu traccia una croce sul simbolo del Partito Democratico e scrivi Censi | Elezioni Milano 2021","twitter_image":"https:\/\/ariannacensi.it\/elezioni2021\/wp-content\/uploads\/2021\/08\/suggerimentoVoto.jpg","twitter_misc":{"Tempo di lettura stimato":"3 minuti"},"schema":{"@context":"https:\/\/schema.org","@graph":[{"@type":"WebSite","@id":"https:\/\/ariannacensi.it\/elezioni2021\/#website","url":"https:\/\/ariannacensi.it\/elezioni2021\/","name":"Arianna Censi","description":"Candidata Consiglio Comunale Milano - Elezioni Ottobre 2021","potentialAction":[{"@type":"SearchAction","target":{"@type":"EntryPoint","urlTemplate":"https:\/\/ariannacensi.it\/elezioni2021\/?s={search_term_string}"},"query-input":"required name=search_term_string"}],"inLanguage":"it-IT"},{"@type":"ImageObject","@id":"https:\/\/ariannacensi.it\/elezioni2021\/elezioni-milano-2021\/#primaryimage","inLanguage":"it-IT","url":"https:\/\/ariannacensi.it\/elezioni2021\/wp-content\/uploads\/2021\/08\/suggerimentoVoto.jpg","contentUrl":"https:\/\/ariannacensi.it\/elezioni2021\/wp-content\/uploads\/2021\/08\/suggerimentoVoto.jpg","width":933,"height":523,"caption":"Censi Arianna Maria - Elezioni Amministrative MIlano - Domenica 3 e Luned\u00ec 4 Ottobre 2021 - Candidata Consiglio Comunale di Milano - Elezoni Comunali 2021 - Partito Democratico - Beppe Sala Sindaco - Milano pi\u00f9 grande di Milano - Arianna Censi - Elezioni Milano 2021"},{"@type":"WebPage","@id":"https:\/\/ariannacensi.it\/elezioni2021\/elezioni-milano-2021\/#webpage","url":"https:\/\/ariannacensi.it\/elezioni2021\/elezioni-milano-2021\/","name":"Arianna Censi | Consiglio Comunale | Elezioni MIlano 2021 | Come si vota","isPartOf":{"@id":"https:\/\/ariannacensi.it\/elezioni2021\/#website"},"primaryImageOfPage":{"@id":"https:\/\/ariannacensi.it\/elezioni2021\/elezioni-milano-2021\/#primaryimage"},"datePublished":"2021-05-20T13:04:08+00:00","dateModified":"2021-09-23T12:32:24+00:00","description":"Arianna Censi | Candidata Consiglio Comunale | Sulla scheda blu traccia una croce sul simbolo del PD e scrivi Censi | Elezioni Milano 2021","breadcrumb":{"@id":"https:\/\/ariannacensi.it\/elezioni2021\/elezioni-milano-2021\/#breadcrumb"},"inLanguage":"it-IT","potentialAction":[{"@type":"ReadAction","target":["https:\/\/ariannacensi.it\/elezioni2021\/elezioni-milano-2021\/"]}]},{"@type":"BreadcrumbList","@id":"https:\/\/ariannacensi.it\/elezioni2021\/elezioni-milano-2021\/#breadcrumb","itemListElement":[{"@type":"ListItem","position":1,"name":"Home","item":"https:\/\/ariannacensi.it\/elezioni2021\/"},{"@type":"ListItem","position":2,"name":"Come si vota"}]}]}},"_links":{"self":[{"href":"https:\/\/ariannacensi.it\/elezioni2021\/wp-json\/wp\/v2\/pages\/570","targetHints":{"allow":["GET"]}}],"collection":[{"href":"https:\/\/ariannacensi.it\/elezioni2021\/wp-json\/wp\/v2\/pages"}],"about":[{"href":"https:\/\/ariannacensi.it\/elezioni2021\/wp-json\/wp\/v2\/types\/page"}],"author":[{"embeddable":true,"href":"https:\/\/ariannacensi.it\/elezioni2021\/wp-json\/wp\/v2\/users\/1"}],"replies":[{"embeddable":true,"href":"https:\/\/ariannacensi.it\/elezioni2021\/wp-json\/wp\/v2\/comments?post=570"}],"version-history":[{"count":76,"href":"https:\/\/ariannacensi.it\/elezioni2021\/wp-json\/wp\/v2\/pages\/570\/revisions"}],"predecessor-version":[{"id":1475,"href":"https:\/\/ariannacensi.it\/elezioni2021\/wp-json\/wp\/v2\/pages\/570\/revisions\/1475"}],"wp:featuredmedia":[{"embeddable":true,"href":"https:\/\/ariannacensi.it\/elezioni2021\/wp-json\/wp\/v2\/media\/738"}],"wp:attachment":[{"href":"https:\/\/ariannacensi.it\/elezioni2021\/wp-json\/wp\/v2\/media?parent=570"}],"curies":[{"name":"wp","href":"https:\/\/api.w.org\/{rel}","templated":true}]}}